{"id":2207,"date":"2021-04-16T22:04:20","date_gmt":"2021-04-17T01:04:20","guid":{"rendered":"https:\/\/pamec.energy\/?page_id=2207"},"modified":"2023-01-12T11:28:33","modified_gmt":"2023-01-12T15:28:33","slug":"dana-morin","status":"publish","type":"page","link":"https:\/\/pamec.energy\/es\/acerca-de-pamec\/estructura-organizacional\/junta-directiva\/dana-morin\/","title":{"rendered":"Dana Mor\u00edn"},"content":{"rendered":"\n<h1 class=\"wp-block-heading\">Junta Directiva<\/h1>\n\n<div class=\"wp-block-media-text is-stacked-on-mobile is-vertically-aligned-center\" style=\"grid-template-columns:34% auto\"><figure class=\"wp-block-media-text__media\"><img fetchpriority=\"high\" decoding=\"async\" width=\"300\" height=\"300\" src=\"https:\/\/pamec.energy\/wp-content\/uploads\/2021\/03\/Dana_-colors-300.png\" alt=\"\" class=\"wp-image-1587 size-full\" srcset=\"https:\/\/pamec.energy\/wp-content\/uploads\/2021\/03\/Dana_-colors-300.png 300w, https:\/\/pamec.energy\/wp-content\/uploads\/2021\/03\/Dana_-colors-300-250x250.png 250w, https:\/\/pamec.energy\/wp-content\/uploads\/2021\/03\/Dana_-colors-300-150x150.png 150w\" sizes=\"(max-width: 300px) 100vw, 300px\" \/><\/figure><div class=\"wp-block-media-text__content\">\n<div style=\"height:5px\" aria-hidden=\"true\" class=\"wp-block-spacer\"><\/div>\n\n\n\n<h2 class=\"wp-block-heading\">Dana Mor\u00edn<\/h2>\n\n\n\n<h3 class=\"wp-block-heading\">Secretario<\/h3>\n\n\n\n<p><a href=\"mailto:secretary@pamec.energy\">secretary@pamec.energy<\/a><\/p>\n<\/div><\/div>\n\n<div class=\"wp-block-columns is-layout-flex wp-container-core-columns-is-layout-9d6595d7 wp-block-columns-is-layout-flex\">\n<div class=\"wp-block-column is-layout-flow wp-block-column-is-layout-flow\" style=\"flex-basis:100%\">\n<p>Dana ha estado involucrada en PAMEC como directora y funcionaria desde su creaci\u00f3n en 2015 participando en la gobernanza de la junta y la organizaci\u00f3n de eventos. Ha participado activamente en el desarrollo del sector de las energ\u00edas marinas renovables en Canad\u00e1 a trav\u00e9s de su participaci\u00f3n en <a rel=\"noreferrer noopener\" href=\"https:\/\/marinerenewables.ca\/\" data-type=\"URL\" data-id=\"https:\/\/marinerenewables.ca\/\" target=\"_blank\">Marine Renewables Canada<\/a> (ex Presidente) y el <a rel=\"noreferrer noopener\" href=\"https:\/\/fern.acadiau.ca\/about.html\" target=\"_blank\">Comit\u00e9 Socioecon\u00f3mico de la Red de Investigaci\u00f3n Energ\u00e9tica de Fundy<\/a> (Copresidente).<\/p>\n\n\n\n<p>Su experiencia en energ\u00edas renovables marinas incluye la participaci\u00f3n en estrategias sectoriales, elaboraci\u00f3n de pol\u00edticas e investigaci\u00f3n, como la Hoja de ruta tecnol\u00f3gica de las energ\u00edas renovables marinas canadienses, la Evaluaci\u00f3n Medioambiental Estrat\u00e9gica de la Bah\u00eda de Fundy, la Propuesta de Valor para el Desarrollo de la Energ\u00eda Mareomotriz (OERA), el Estudio de Alcance Socioecon\u00f3mico de la Red de Investigaci\u00f3n Energ\u00e9tica de Fundy, la Evaluaci\u00f3n de Recursos de Energ\u00eda Mareomotriz del Suroeste de Nueva Escocia, el Estudio de Conocimientos Ecol\u00f3gicos Mi&#8217;kmaq para la Bah\u00eda de Fundy y la Estrategia de Energ\u00edas Renovables Marinas de Nueva Escocia.<\/p>\n\n\n\n<p>Dana tambi\u00e9n fue fundadora de Fundy Tidal Inc. (ex presidenta), creada en 2006 para desarrollar la generaci\u00f3n de energ\u00eda mareomotriz a peque\u00f1a escala en el condado de Digby, Nueva Escocia, con una visi\u00f3n de propiedad comunitaria que maximizara las oportunidades socioecon\u00f3micas para las comunidades y empresas locales. Participaci\u00f3n en el desarrollo de las tarifas comunitarias de alimentaci\u00f3n de energ\u00eda mareomotriz (COMFIT).  <\/p>\n\n\n\n<p><\/p>\n<\/div>\n<\/div>\n\n<p><a href=\"https:\/\/pamec.energy\/es\/acerca-de-pamec\/estructura-organizacional\/junta-directiva\/\" data-type=\"URL\" data-id=\"https:\/\/pamec.energy\/directors\/\"><\/a><a href=\"https:\/\/pamec.energy\/es\/acerca-de-pamec\/estructura-organizacional\/junta-directiva\/\">\u2190 Ir a Junta Directiva<\/a><\/p>\n\n<p>\u00a0<\/p>\n","protected":false},"excerpt":{"rendered":"<p>Junta Directiva Dana ha estado involucrada en PAMEC como directora y funcionaria desde su creaci\u00f3n en 2015 participando en la gobernanza de la junta y la organizaci\u00f3n de eventos. Ha participado activamente en el desarrollo del sector de las energ\u00edas marinas renovables en Canad\u00e1 a trav\u00e9s de su participaci\u00f3n en Marine Renewables Canada (ex Presidente) &#8230; <a title=\"Dana Mor\u00edn\" class=\"read-more\" href=\"https:\/\/pamec.energy\/es\/acerca-de-pamec\/estructura-organizacional\/junta-directiva\/dana-morin\/\" aria-label=\"Leer m\u00e1s sobre Dana Mor\u00edn\">Leer m\u00e1s<\/a><\/p>\n","protected":false},"author":3,"featured_media":0,"parent":2185,"menu_order":4,"comment_status":"closed","ping_status":"closed","template":"","meta":{"generate_page_header":"","footnotes":""},"class_list":["post-2207","page","type-page","status-publish"],"_links":{"self":[{"href":"https:\/\/pamec.energy\/es\/wp-json\/wp\/v2\/pages\/2207","targetHints":{"allow":["GET"]}}],"collection":[{"href":"https:\/\/pamec.energy\/es\/wp-json\/wp\/v2\/pages"}],"about":[{"href":"https:\/\/pamec.energy\/es\/wp-json\/wp\/v2\/types\/page"}],"author":[{"embeddable":true,"href":"https:\/\/pamec.energy\/es\/wp-json\/wp\/v2\/users\/3"}],"replies":[{"embeddable":true,"href":"https:\/\/pamec.energy\/es\/wp-json\/wp\/v2\/comments?post=2207"}],"version-history":[{"count":20,"href":"https:\/\/pamec.energy\/es\/wp-json\/wp\/v2\/pages\/2207\/revisions"}],"predecessor-version":[{"id":4572,"href":"https:\/\/pamec.energy\/es\/wp-json\/wp\/v2\/pages\/2207\/revisions\/4572"}],"up":[{"embeddable":true,"href":"https:\/\/pamec.energy\/es\/wp-json\/wp\/v2\/pages\/2185"}],"wp:attachment":[{"href":"https:\/\/pamec.energy\/es\/wp-json\/wp\/v2\/media?parent=2207"}],"curies":[{"name":"wp","href":"https:\/\/api.w.org\/{rel}","templated":true}]}}